{"id":4285,"date":"2019-02-14T12:37:00","date_gmt":"2019-02-14T11:37:00","guid":{"rendered":"https:\/\/www.maiwald.eu\/all\/veranstaltungen\/trademark-administrators-seminar\/"},"modified":"2021-10-01T16:12:34","modified_gmt":"2021-10-01T14:12:34","slug":"trademark-administrators-seminar-3","status":"publish","type":"veranstaltungen","link":"https:\/\/www.maiwald.eu\/de\/veranstaltungen\/trademark-administrators-seminar-3\/","title":{"rendered":"Trademark Administrators Seminar"},"content":{"rendered":"\n<p>Susanne Ferstl, Markensachbearbeiterin bei Maiwald, l\u00e4dt am 14. Februar 2019 zu einem Seminar \u00fcber die Neuerungen des Markengesetzes und aktuellsten Rechtsprechungen des Bundespatentgerichts. Als Sponsor der Veranstaltung w\u00fcrden wir uns freuen, Sie dort zu treffen und sch\u00e4tzen die M\u00f6glichkeit, dass das Seminar f\u00fcr Sie kostenfrei stattfinden kann.<\/p>\n\n\n\n<p>Weitere Informationen zur Veranstaltung finden Sie <a href=\"https:\/\/www.inta.org\/Programs\/Pages\/2019TMASeminarGermany.aspx\" target=\"_blank\" rel=\"noopener\">hier<\/a>.<\/p>\n","protected":false},"featured_media":0,"template":"","meta":{"_acf_changed":false,"footnotes":""},"veranstaltungstyp":[16],"class_list":["post-4285","veranstaltungen","type-veranstaltungen","status-publish","hentry","veranstaltungstyp-externe-veranstaltungen"],"acf":[],"_links":{"self":[{"href":"https:\/\/www.maiwald.eu\/de\/wp-json\/wp\/v2\/veranstaltungen\/4285","targetHints":{"allow":["GET"]}}],"collection":[{"href":"https:\/\/www.maiwald.eu\/de\/wp-json\/wp\/v2\/veranstaltungen"}],"about":[{"href":"https:\/\/www.maiwald.eu\/de\/wp-json\/wp\/v2\/types\/veranstaltungen"}],"version-history":[{"count":1,"href":"https:\/\/www.maiwald.eu\/de\/wp-json\/wp\/v2\/veranstaltungen\/4285\/revisions"}],"predecessor-version":[{"id":9239,"href":"https:\/\/www.maiwald.eu\/de\/wp-json\/wp\/v2\/veranstaltungen\/4285\/revisions\/9239"}],"wp:attachment":[{"href":"https:\/\/www.maiwald.eu\/de\/wp-json\/wp\/v2\/media?parent=4285"}],"wp:term":[{"taxonomy":"veranstaltungstyp","embeddable":true,"href":"https:\/\/www.maiwald.eu\/de\/wp-json\/wp\/v2\/veranstaltungstyp?post=4285"}],"curies":[{"name":"wp","href":"https:\/\/api.w.org\/{rel}","templated":true}]}}