{"id":34689,"date":"2023-10-23T16:23:25","date_gmt":"2023-10-23T14:23:25","guid":{"rendered":"https:\/\/www.maiwald.eu\/?post_type=veranstaltungen&#038;p=34689"},"modified":"2024-02-28T15:51:49","modified_gmt":"2024-02-28T14:51:49","slug":"maiwald-auf-der-iam-live-auto-ip-europe-8-november-2023","status":"publish","type":"veranstaltungen","link":"https:\/\/www.maiwald.eu\/de\/veranstaltungen\/maiwald-auf-der-iam-live-auto-ip-europe-8-november-2023\/","title":{"rendered":"Maiwald auf der IAM Live: Auto IP Europe, 8. November 2023"},"content":{"rendered":"\n<p><strong>IP f\u00fcr die Zukunft der Mobilit\u00e4t<\/strong><\/p>\n\n\n\n<p>Der rasche Wandel in der Automobilindustrie wirft neue Fragen und Herausforderungen im Bereich des geistigen Eigentums auf und erweitert den Kreis der Innovatoren, die in diesem Sektor t\u00e4tig sind. Lernen Sie bew\u00e4hrte Verfahren und Strategien f\u00fcr den Schutz und die Wertsch\u00f6pfung von geistigem Eigentum kennen.<\/p>\n\n\n\n<p>Vernetzen Sie sich mit 100 branchenf\u00fchrenden F\u00fchrungskr\u00e4ften, Gesch\u00e4ftsleuten und Rechtsexperten &#8211; eine einmalige Gelegenheit f\u00fcr Delegierte, die ihre Aktivit\u00e4ten ausweiten oder ihren Platz im Bereich des geistigen Eigentums in der Automobilindustrie festigen m\u00f6chten.<\/p>\n\n\n\n<p>Die Delegierten erfahren au\u00dferdem mehr \u00fcber die wichtigsten Trends und Themen, mit denen die Branche konfrontiert ist.<\/p>\n\n\n\n<p>Verpassen Sie au\u00dferdem nicht die Podiumsdiskussion mit <a href=\"https:\/\/www.maiwald.eu\/de\/team\/sophie-ertl\/\" data-type=\"link\" data-id=\"https:\/\/www.maiwald.eu\/de\/team\/sophie-ertl\/\">Dr.-Ing. Sophie Ertl<\/a> am 8. November 2023 (15:10-16:10) mit dem Titel: <strong>Trade secrets \u2013 the big questions answered<\/strong>.<\/p>\n\n\n\n<ul class=\"wp-block-list\">\n<li>Identifizierung, Erfassung und Schutz von Gesch\u00e4ftsgeheimnissen<\/li>\n\n\n\n<li>Gesch\u00e4ftsgeheimnisse nutzen, um sich von der Konkurrenz abzuheben<\/li>\n\n\n\n<li>Wie Sie Ihr Unternehmen weiterbilden und Ihr Know-how sch\u00fctzen k\u00f6nnen<\/li>\n<\/ul>\n","protected":false},"featured_media":34674,"template":"","meta":{"_acf_changed":false,"footnotes":""},"veranstaltungstyp":[820],"class_list":["post-34689","veranstaltungen","type-veranstaltungen","status-publish","has-post-thumbnail","hentry","veranstaltungstyp-vortag-live"],"acf":[],"_links":{"self":[{"href":"https:\/\/www.maiwald.eu\/de\/wp-json\/wp\/v2\/veranstaltungen\/34689","targetHints":{"allow":["GET"]}}],"collection":[{"href":"https:\/\/www.maiwald.eu\/de\/wp-json\/wp\/v2\/veranstaltungen"}],"about":[{"href":"https:\/\/www.maiwald.eu\/de\/wp-json\/wp\/v2\/types\/veranstaltungen"}],"version-history":[{"count":12,"href":"https:\/\/www.maiwald.eu\/de\/wp-json\/wp\/v2\/veranstaltungen\/34689\/revisions"}],"predecessor-version":[{"id":37402,"href":"https:\/\/www.maiwald.eu\/de\/wp-json\/wp\/v2\/veranstaltungen\/34689\/revisions\/37402"}],"wp:featuredmedia":[{"embeddable":true,"href":"https:\/\/www.maiwald.eu\/de\/wp-json\/wp\/v2\/media\/34674"}],"wp:attachment":[{"href":"https:\/\/www.maiwald.eu\/de\/wp-json\/wp\/v2\/media?parent=34689"}],"wp:term":[{"taxonomy":"veranstaltungstyp","embeddable":true,"href":"https:\/\/www.maiwald.eu\/de\/wp-json\/wp\/v2\/veranstaltungstyp?post=34689"}],"curies":[{"name":"wp","href":"https:\/\/api.w.org\/{rel}","templated":true}]}}