{"id":22011,"date":"2022-07-21T14:18:00","date_gmt":"2022-07-21T12:18:00","guid":{"rendered":"https:\/\/www.maiwald.eu\/?post_type=veranstaltungen&#038;p=22011"},"modified":"2024-02-28T16:14:33","modified_gmt":"2024-02-28T15:14:33","slug":"maiwald-sommerfest-und-kunstausstellung-2022","status":"publish","type":"veranstaltungen","link":"https:\/\/www.maiwald.eu\/de\/veranstaltungen\/maiwald-sommerfest-und-kunstausstellung-2022\/","title":{"rendered":"Maiwald Sommerfest und Kunstausstellung 2022"},"content":{"rendered":"\n<p>Nach l\u00e4ngerer Pause konnte endlich wieder gemeinsam gefeiert werden! <\/p>\n\n\n\n<p>Beim diesj\u00e4hrigen Maiwald Sommerfest feierten wir ausgelassen zu hervorragendem Essen und k\u00fchlen Getr\u00e4nken. Durch das sch\u00f6ne Wetter konnten wir den Blick \u00fcber M\u00fcnchen auf der Dachterrasse genie\u00dfen. Anschlie\u00dfend lie\u00dfen wir den Tag bei guter Musik ausklingen.<\/p>\n\n\n\n<p>Entsprechend dem Motto &#8222;Gesamtkunstwerk&#8220; wurde das Sommerfest durch die Kunstausstellung von \u201cLachner Alas Keil GbR\u201d abgerundet. Neben Tanz und Spiel wurden einige Werke von der australischen K\u00fcnstlerin Georgia Kaw pr\u00e4sentiert, wodurch der Abend zu einem Event verschiedener, sich erg\u00e4nzender K\u00fcnste geworden ist.<\/p>\n\n\n\n<p>Wir danken allen Beteiligten f\u00fcr ihre Beitr\u00e4ge, welche diesen Tag zu einem unvergesslichen Event gemacht haben.<\/p>\n\n\n\n<p>Zum <a href=\"https:\/\/www.linkedin.com\/feed\/update\/urn:li:activity:6975423726196510720\" target=\"_blank\" rel=\"noopener\">Sommerfest Video<\/a><\/p>\n","protected":false},"featured_media":22608,"template":"","meta":{"_acf_changed":false,"footnotes":""},"veranstaltungstyp":[],"class_list":["post-22011","veranstaltungen","type-veranstaltungen","status-publish","has-post-thumbnail","hentry"],"acf":[],"_links":{"self":[{"href":"https:\/\/www.maiwald.eu\/de\/wp-json\/wp\/v2\/veranstaltungen\/22011","targetHints":{"allow":["GET"]}}],"collection":[{"href":"https:\/\/www.maiwald.eu\/de\/wp-json\/wp\/v2\/veranstaltungen"}],"about":[{"href":"https:\/\/www.maiwald.eu\/de\/wp-json\/wp\/v2\/types\/veranstaltungen"}],"version-history":[{"count":18,"href":"https:\/\/www.maiwald.eu\/de\/wp-json\/wp\/v2\/veranstaltungen\/22011\/revisions"}],"predecessor-version":[{"id":37444,"href":"https:\/\/www.maiwald.eu\/de\/wp-json\/wp\/v2\/veranstaltungen\/22011\/revisions\/37444"}],"wp:featuredmedia":[{"embeddable":true,"href":"https:\/\/www.maiwald.eu\/de\/wp-json\/wp\/v2\/media\/22608"}],"wp:attachment":[{"href":"https:\/\/www.maiwald.eu\/de\/wp-json\/wp\/v2\/media?parent=22011"}],"wp:term":[{"taxonomy":"veranstaltungstyp","embeddable":true,"href":"https:\/\/www.maiwald.eu\/de\/wp-json\/wp\/v2\/veranstaltungstyp?post=22011"}],"curies":[{"name":"wp","href":"https:\/\/api.w.org\/{rel}","templated":true}]}}