{"id":3862,"date":"2021-06-13T19:08:17","date_gmt":"2021-06-13T17:08:17","guid":{"rendered":"https:\/\/www.maiwald.eu\/all\/team\/charlotte-tamm\/"},"modified":"2022-11-03T18:04:59","modified_gmt":"2022-11-03T17:04:59","slug":"charlotte-tamm","status":"publish","type":"team","link":"https:\/\/www.maiwald.eu\/de\/team\/charlotte-tamm\/","title":{"rendered":"Charlotte Tamm"},"content":{"rendered":"<p>Charlotte Tamm arbeitet seit 2003 bei Maiwald und leitet die Personalabteilung der Kanzlei. Sie ist Ansprechpartnerin f\u00fcr alle Angelegenheiten der Personalverwaltung und k\u00fcmmert sich um Recruiting und zukunftsorientierte Personalentwicklung. Sie ist Gespr\u00e4chspartnerin und Beraterin in personalpolitischen und arbeitsrechtlichen Belangen und begleitet, ber\u00e4t und betreut Mitarbeiter vom Ein- bis zum Ausstieg. Charlotte Tamm k\u00fcmmert sich um die interne Kommunikation von Personalangelegenheiten und \u00fcberwacht die Personalentwicklung sowie die strategische Ausrichtung und Planung der Personalarbeit. Nebenbei betreibt Charlotte Tamm modernes Diversity Management rund um die soziale Vielfalt bei Maiwald und ist als Feel Good Manager die emotionale St\u00fctze der Kanzlei.<\/p>\n","protected":false},"template":"","meta":{"_acf_changed":false,"footnotes":""},"position":[359,477],"qualifikation":[390,250,247],"class_list":["post-3862","team","type-team","status-publish","hentry","position-de_business-support","position-leitung-personal","qualifikation-de_business_support","qualifikation-de_personalleiterin","qualifikation-de_praktische-betriebswirtin"],"acf":[],"_links":{"self":[{"href":"https:\/\/www.maiwald.eu\/de\/wp-json\/wp\/v2\/team\/3862","targetHints":{"allow":["GET"]}}],"collection":[{"href":"https:\/\/www.maiwald.eu\/de\/wp-json\/wp\/v2\/team"}],"about":[{"href":"https:\/\/www.maiwald.eu\/de\/wp-json\/wp\/v2\/types\/team"}],"version-history":[{"count":23,"href":"https:\/\/www.maiwald.eu\/de\/wp-json\/wp\/v2\/team\/3862\/revisions"}],"predecessor-version":[{"id":25271,"href":"https:\/\/www.maiwald.eu\/de\/wp-json\/wp\/v2\/team\/3862\/revisions\/25271"}],"wp:attachment":[{"href":"https:\/\/www.maiwald.eu\/de\/wp-json\/wp\/v2\/media?parent=3862"}],"wp:term":[{"taxonomy":"position","embeddable":true,"href":"https:\/\/www.maiwald.eu\/de\/wp-json\/wp\/v2\/position?post=3862"},{"taxonomy":"qualifikation","embeddable":true,"href":"https:\/\/www.maiwald.eu\/de\/wp-json\/wp\/v2\/qualifikation?post=3862"}],"curies":[{"name":"wp","href":"https:\/\/api.w.org\/{rel}","templated":true}]}}