{"id":8958,"date":"2021-04-01T18:07:00","date_gmt":"2021-04-01T16:07:00","guid":{"rendered":"https:\/\/www.maiwald.eu\/?post_type=publikationen&#038;p=8958"},"modified":"2021-10-13T15:54:10","modified_gmt":"2021-10-13T13:54:10","slug":"videokonferenzen-am-epa-sprungbrett-ins-digitale-zeitalter","status":"publish","type":"publikationen","link":"https:\/\/www.maiwald.eu\/de\/publikationen\/videokonferenzen-am-epa-sprungbrett-ins-digitale-zeitalter\/","title":{"rendered":"Videokonferenzen am EPA \u2013 Sprungbrett ins digitale Zeitalter?"},"content":{"rendered":"\n<div class=\"wp-block-image\"><figure class=\"aligncenter size-full\"><img loading=\"lazy\" decoding=\"async\" width=\"1025\" height=\"562\" src=\"https:\/\/www.maiwald.eu\/wp-content\/uploads\/videokonferenzen-im-epa.png\" alt=\"\" class=\"wp-image-8959\" srcset=\"https:\/\/www.maiwald.eu\/wp-content\/uploads\/videokonferenzen-im-epa.png 1025w, https:\/\/www.maiwald.eu\/wp-content\/uploads\/videokonferenzen-im-epa-300x164.png 300w, https:\/\/www.maiwald.eu\/wp-content\/uploads\/videokonferenzen-im-epa-768x421.png 768w\" sizes=\"auto, (max-width: 1025px) 100vw, 1025px\" \/><\/figure><\/div>\n\n\n\n<div class=\"wp-block-columns are-vertically-aligned-center is-layout-flex wp-container-core-columns-is-layout-9d6595d7 wp-block-columns-is-layout-flex\">\n<div class=\"wp-block-column is-vertically-aligned-center is-layout-flow wp-block-column-is-layout-flow\">\n<p class=\"has-text-align-right mb-0\"><meta http-equiv=\"content-type\" content=\"text\/html; charset=utf-8\">Dr. Eva Ehlich &amp; Angela Zumstein in der Reihe<\/p>\n<\/div>\n\n\n\n<div class=\"wp-block-column is-vertically-aligned-center is-layout-flow wp-block-column-is-layout-flow\">\n<div class=\"wp-block-image\"><figure class=\"alignleft size-large is-resized\"><img loading=\"lazy\" decoding=\"async\" src=\"https:\/\/www.maiwald.eu\/wp-content\/uploads\/210331_MWP-608_speakers_corner_Maiwald_Blog_800x250-1-1-1024x320.png\" alt=\"\" class=\"wp-image-8962\" width=\"312\" height=\"97\" srcset=\"https:\/\/www.maiwald.eu\/wp-content\/uploads\/210331_MWP-608_speakers_corner_Maiwald_Blog_800x250-1-1-1024x320.png 1024w, https:\/\/www.maiwald.eu\/wp-content\/uploads\/210331_MWP-608_speakers_corner_Maiwald_Blog_800x250-1-1-300x94.png 300w, https:\/\/www.maiwald.eu\/wp-content\/uploads\/210331_MWP-608_speakers_corner_Maiwald_Blog_800x250-1-1-768x240.png 768w, https:\/\/www.maiwald.eu\/wp-content\/uploads\/210331_MWP-608_speakers_corner_Maiwald_Blog_800x250-1-1-1536x480.png 1536w, https:\/\/www.maiwald.eu\/wp-content\/uploads\/210331_MWP-608_speakers_corner_Maiwald_Blog_800x250-1-1.png 1667w\" sizes=\"auto, (max-width: 312px) 100vw, 312px\" \/><\/figure><\/div>\n<\/div>\n<\/div>\n\n\n\n<p><em>\u201eIn mehreren Studien hat der iranisch-amerikanische Psychologe Albert Mehrabian untersucht, welchem Kanal Menschen im Falle von inkonsistenten Botschaften mehr Vertrauen schenken. Seine wiederholt replizierte Formel, nach der nur zu sieben Prozent dem gesprochenen Wort vertraut wird, aber zu 38 Prozent dem stimmlichen Ausdruck und zu 55 Prozent der K\u00f6rpersprache, zeigt die Bedeutung der non-verbalen Kommunikationselemente, die in virtuellen Settings vielfach verloren gehen.\u201c (1)<\/em><\/p>\n\n\n\n<p><em>Bald wird die Gro\u00dfe Beschwerdekammer des EPA \u00fcber eine interessante Frage entscheiden: d\u00fcrfen Verhandlungen vor dem EPA grunds\u00e4tzlich auch gegen den Willen der Parteien als Videokonferenz abgehalten werden?<\/em><\/p>\n\n\n\n<p>Niemand h\u00e4tte im Mai 2020 wohl damit gerechnet, dass der Beschwerdefall T 1807\/15 zu einer Grundsatzentscheidung f\u00fchren w\u00fcrde. Eigentlich ging es ja nur um eine Pr\u00fcfung der Aufrechterhaltung eines Funkfrequenzverst\u00e4rker-Patents. Solche F\u00e4lle sind f\u00fcr das EPA allt\u00e4glich.<\/p>\n\n\n\n<p>Doch der Fall stand nur am Anfang einer langen Schlange \u00e4hnlicher F\u00e4lle. Seit dem Beginn der ersten Corona-Welle im Jahr 2020 mussten etliche m\u00fcndliche Verhandlungen am EPA verschoben werden. Im Februar 2021 sollte die Verhandlung dann endlich stattfinden. Doch nicht ganz \u00fcberraschend beantragte der Vertreter der Patentinhaberin mit Sitz in London, die m\u00fcndliche Verhandlung nochmals zu verschieben. Der Grund? Er k\u00f6nne nicht pers\u00f6nlich nach Deutschland kommen. Die gegenw\u00e4rtige Corona-Lage und die Reisebeschr\u00e4nkungen zwischen Deutschland und dem Vereinigten K\u00f6nigreich hinderten ihn daran. Auch eine Videokonferenz sei nicht geeignet. Schlie\u00dflich sei f\u00fcr diesen Fall Simultan\u00fcbersetzen notwendig. Dies leuchtete auch der einsprechenden Partei ein. Kurz darauf sprach sich auch diese gegen eine Durchf\u00fchrung der m\u00fcndlichen Verhandlung als Videokonferenz aus.<\/p>\n\n\n\n<p>Die Durchf\u00fchrung der m\u00fcndlichen Verhandlung mittels Videokonferenz war bisher von der Zustimmung der Beteiligten abh\u00e4ngig. Die Statistiken zeigen jedoch, dass davon nur sehr wenig Gebrauch gemacht wurde. Dadurch war der Stapel der nicht abgeschlossenen erstinstanzlichen Verfahren immer weiter angewachsen. Denn die Corona-Beschr\u00e4nkungen f\u00fchrten zur Aussetzung fast aller Verfahren.<\/p>\n\n\n\n<h4 class=\"wp-block-heading\">Wie man einen \u201eCoronastapel\u201c abbaut? 360 Entscheidungen pro Monat!<\/h4>\n\n\n\n<p>Der schnell wachsende Backlog war und ist f\u00fcr die Amtsf\u00fchrung frustrierend \u2013 gerade vor dem Hintergrund der schon erzielten Erfolge und der Verk\u00fcrzung der erstinstanzlichen Einspruchsverfahren, die in den letzten Jahren vor der Corona-Pandemie erreicht wurde.<\/p>\n\n\n\n<p>Um den jetzigen Backlog bis Ende 2022 wieder abzubauen, m\u00fcssen etwa 360 Entscheidungen im Monat ergehen. Dies beschreibt der Sachstandsbericht vom November 2020. Am Ende des Berichtes wird als Ma\u00dfnahme empfohlen, m\u00fcndliche Verhandlungen mittels Videokonferenz und ohne die Zustimmung der Beteiligten durchzuf\u00fchren. (2) Dieser Empfehlung ist der Pr\u00e4sident des EPA mit dem Beschluss vom 10. November 2020 auch gefolgt.<\/p>\n\n\n\n<p><strong>Ein holpriger Start<\/strong><\/p>\n\n\n\n<p>Begeben wir uns zur\u00fcck auf einen Weg, der im M\u00e4rz 2020 seinen Anfang nahm. Zu diesem Zeitpunkt begann mehr oder weniger offiziell die \u201eCorona-Krise\u201c. Die erste Welle rollte an. Menschen trafen sich nicht mehr. Versammlungen wurden abgesagt.<\/p>\n\n\n\n<p>Die Durchf\u00fchrung m\u00fcndlicher Verhandlungen mit physischer Pr\u00e4senz war seitdem aus vielerlei Gr\u00fcnden erschwert. Dazu z\u00e4hlen insbesondere Reisebeschr\u00e4nkungen, allgemeine Kontaktbeschr\u00e4nkungen und Hygienema\u00dfnahmen. Dies galt f\u00fcr kleine Betriebe genauso wie f\u00fcr gro\u00dfe Institutionen. W\u00e4hrend die Beschwerdekammern jedoch immer noch m\u00fcndliche Verhandlungen mit physischer Pr\u00e4senz unter strengen Hygienema\u00dfnahmen durchf\u00fchrten, hatte das EPA derartige Verhandlungen bereits bis zum 31. Dezember 2020 und anschlie\u00dfend bis zum 15. September 2021 ausgesetzt.<\/p>\n\n\n\n<p>Anders als das Amt haben die Beschwerdekammern im Laufe des Jahres 2020 m\u00fcndliche Verhandlungen in unterschiedlichen Formaten abgehalten: Entweder<\/p>\n\n\n\n<ul class=\"wp-block-list\"><li>mit pers\u00f6nlich Anwesenden,<\/li><li>mit per Videokonferenz zugeschalteten Verfahrensbeteiligten<\/li><li>oder als Hybrid-Veranstaltung.<\/li><\/ul>\n\n\n\n<p>Im Dezember 2020 ersuchte der Pr\u00e4sident der Beschwerdekammern dennoch den Beschwerdekammerausschuss, einen neuen Artikel 15a in die Verfahrensordnung der Beschwerdekammern aufzunehmen. Dies passt auch zum Beschluss des EPA-Pr\u00e4sidenten. Mit Artikel 15a wird klargestellt, dass die Beschwerdekammern grunds\u00e4tzlich m\u00fcndliche Verhandlungen gem\u00e4\u00df Artikel 116 EP\u00dc als Videokonferenz ohne Zustimmung der Beteiligten durchf\u00fchren k\u00f6nnen. Der Beschwerdekammerausschuss hat einen entsprechenden Erlass get\u00e4tigt und der Verwaltungsrat genehmigte den neuen Artikel am 23. M\u00e4rz 2021. Diese Ma\u00dfnahme ist jedoch zeitlich nicht beschr\u00e4nkt und daher nicht nur auf den Zeitraum der Pandemie anwendbar.<\/p>\n\n\n\n<div class=\"wp-block-image mt-4 mb-4\"><figure class=\"aligncenter size-full is-resized\"><img loading=\"lazy\" decoding=\"async\" src=\"https:\/\/www.maiwald.eu\/wp-content\/uploads\/virus-versammlungen-epa-1.png\" alt=\"\" class=\"wp-image-8968\" width=\"840\" height=\"551\" srcset=\"https:\/\/www.maiwald.eu\/wp-content\/uploads\/virus-versammlungen-epa-1.png 1000w, https:\/\/www.maiwald.eu\/wp-content\/uploads\/virus-versammlungen-epa-1-300x197.png 300w, https:\/\/www.maiwald.eu\/wp-content\/uploads\/virus-versammlungen-epa-1-768x505.png 768w\" sizes=\"auto, (max-width: 840px) 100vw, 840px\" \/><\/figure><\/div>\n\n\n\n<h4 class=\"wp-block-heading\">Das Virus sagt: \u201eWas schert mich denn das Gesetz?\u201c<\/h4>\n\n\n\n<p>Parallel zu den soeben geschilderten Vorg\u00e4ngen am Amt und bei den Beschwerdekammern lief unser anfangs genannter Funkverst\u00e4rker-Fall weiter. Gerade auch hier ging es um die Grundsatzfrage, ob m\u00fcndliche Verhandlungen auch gegen den Willen der Parteien per Videokonferenz abgehalten werden d\u00fcrfen. Bisher war bei m\u00fcndlichen Verhandlungen vor den Abteilungen oder Beschwerdekammern eben das pers\u00f6nliche Erscheinen gang und g\u00e4be \u2013 was angesichts technisch und rechtlich oft komplexer Sachverhalte sinnvoll erscheint. Doch Covid macht auch vor dem EPA nicht Halt. Was scheren ein Virus Gesetzes-Texte?<\/p>\n\n\n\n<p>Die f\u00fcr diesen Fall zust\u00e4ndige Beschwerdekammer stellte nun eine wichtige Frage an die Gro\u00dfe Beschwerdekammer. Diese Kammer ist die h\u00f6chste Instanz f\u00fcr die Interpretation des Europ\u00e4ischen Patent\u00fcbereinkommens (EP\u00dc). Die Frage wurde unabh\u00e4ngig von dem&nbsp;neuen Artikel 15a der Verfahrensordnung der Beschwerdekammern gestellt:<\/p>\n\n\n\n<p><strong>Erlaubt es das EP\u00dc, d.h. Artikel 116 EP\u00dc, m\u00fcndliche Verhandlungen gegen den Willen der Parteien per Videokonferenz durchzuf\u00fchren?<\/strong><\/p>\n\n\n\n<p>Sollte die Gro\u00dfe Beschwerdekammer zur Erkenntnis gelangen, dass das EP\u00dc dies nicht erlauben w\u00fcrde, w\u00e4ren nicht nur Artikel 15a der Verfahrensordnung, sondern auch die Ma\u00dfnahmen des Amtes zur Bek\u00e4mpfung der Auswirkungen der Pandemie schlicht hinf\u00e4llig.<\/p>\n\n\n\n<p>Es ist nat\u00fcrlich ungl\u00fccklich, dass in der derzeitigen, durch die Pandemie aufgeheizten Situation solche Grundsatzfragen entschieden werden. Doch es ist gleichfalls verst\u00e4ndlich, dass momentan au\u00dfergew\u00f6hnliche Ma\u00dfnahmen n\u00f6tig sind, um einen Rechtspflegestillstand m\u00f6glichst zu vermeiden. Es schien jedenfalls, als h\u00e4tten die Beschwerdekammern mit unterschiedlichen Formaten einen guten Mittelweg gefunden, ohne die Beteiligten zu Videokonferenzen zu n\u00f6tigen. Die Beschwerdekammern hielten m\u00fcndliche Verhandlungen entweder mit pers\u00f6nlich Anwesenden, mit per Videokonferenz zugeschalteten Verfahrensbeteiligten oder als Hybrid-Veranstaltung ab.<\/p>\n\n\n\n<p>Artikel 15a der Verfahrensordnung ist nun geeignet, die Beteiligten in eine Videokonferenz zu zwingen. Zudem ist er nun auch dauerhaft angelegt. Es ist nicht unwahrscheinlich, dass er jenseits der Pandemie auch analog f\u00fcr die erstinstanzlichen Verfahren angewendet wird. Seine Daseinsberechtigung kann er also nicht nur aus der derzeitigen Krisensituation ziehen.<\/p>\n\n\n\n<p>Es stellen sich in diesem Zusammenhang jedoch viele rechtliche Fragen. Ist die Frage der Videokonferenz f\u00fcr die Verwaltungsverfahren am Amt&nbsp;genauso zu beantworten wie f\u00fcr die gerichts\u00e4hnlichen Beschwerdeverfahren vor den Beschwerdekammern? Darf es f\u00fcr eine Pandemiesituation Ausnahmeregelungen geben, selbst wenn sie so etwas Grunds\u00e4tzliches wie das Recht auf eine m\u00fcndliche Verhandlung betreffen?<\/p>\n\n\n\n<p>Wir halten Sie auf dem Laufenden!<\/p>\n\n\n\n<div class=\"wp-block-image mt-4 mb-4\"><figure class=\"aligncenter size-full\"><img loading=\"lazy\" decoding=\"async\" width=\"1000\" height=\"649\" src=\"https:\/\/www.maiwald.eu\/wp-content\/uploads\/pro-contra-meinungen-videokonferenzen-epa-1.png\" alt=\"\" class=\"wp-image-8971\" srcset=\"https:\/\/www.maiwald.eu\/wp-content\/uploads\/pro-contra-meinungen-videokonferenzen-epa-1.png 1000w, https:\/\/www.maiwald.eu\/wp-content\/uploads\/pro-contra-meinungen-videokonferenzen-epa-1-300x195.png 300w, https:\/\/www.maiwald.eu\/wp-content\/uploads\/pro-contra-meinungen-videokonferenzen-epa-1-768x498.png 768w\" sizes=\"auto, (max-width: 1000px) 100vw, 1000px\" \/><\/figure><\/div>\n\n\n\n<h4 class=\"wp-block-heading\">Pro und Kontra \u2013 und die Meinung dazwischen<\/h4>\n\n\n\n<p>Im Folgenden beleuchten wir in kurzen Stichpunkten die Argumente, die derzeit f\u00fcr und gegen eine m\u00fcndliche Verhandlung per Videokonferenz kursieren. Zudem stellen wir auch kurz \u201eMischformen\u201c m\u00fcndlicher Verhandlungen vor. Alle Argumente sind beispielhaft aus der Meinungswelt gegriffen und bilden ein offenes \u2013 keinesfalls abschlie\u00dfendes \u2013 Bild:<\/p>\n\n\n\n<h3 class=\"has-text-align-center wp-block-heading\">Pro<\/h3>\n\n\n<div class=\"accordion mt-4 mb-4\" id=\"accordion-3221231231\">\n  \n<div class=\"accordion-item\">\n  <h2 class=\"accordion-header mb-1\" id=\"heading-69f016e51aa8a\">\n    <button class=\"accordion-button collapsed\" type=\"button\" data-bs-toggle=\"collapse\" data-bs-target=\"#collapse-accordion-3221231231-69f016e51aa8a\" aria-expanded=\"false\" aria-controls=\"collapse-accordion-3221231231-69f016e51aa8a\">\n      Technische Aspekte    <\/button>\n  <\/h2>\n  <div id=\"collapse-accordion-3221231231-69f016e51aa8a\" class=\"accordion-collapse collapse\" aria-labelledby=\"heading-69f016e51aa8a\" data-bs-parent=\"#accordion-3221231231\">\n    <div class=\"accordion-body\">\n      \n\n<ul class=\"wp-block-list\"><li>Technische Probleme, wie Simultandolmetschen und die gleichzeitige Teilnahme mehrerer Parteien, seien zwischenzeitlich durch Videokonferenz-Plattformen gel\u00f6st (3)<\/li><li>\u201eDurch die M\u00f6glichkeit, das eigene Mikrofon abzuschalten, k\u00f6nnen Beteiligte einer Partei auch w\u00e4hrend der m\u00fcndlichen Verhandlung miteinander diskutieren\u201c (3)<\/li><li>Auch komplexe Sachverhalte k\u00f6nnen in einer Videokonferenz demonstriert werden, z.B. durch das Teilen des Bildschirms eines Teilnehmers.<\/li><\/ul>\n\n    <\/div>\n  <\/div>\n<\/div>\n\n<div class=\"accordion-item\">\n  <h2 class=\"accordion-header mb-1\" id=\"heading-69f016e51b3fe\">\n    <button class=\"accordion-button collapsed\" type=\"button\" data-bs-toggle=\"collapse\" data-bs-target=\"#collapse-accordion-3221231231-69f016e51b3fe\" aria-expanded=\"false\" aria-controls=\"collapse-accordion-3221231231-69f016e51b3fe\">\n      Verfahren vor dem EPA in erster Linie als schriftliches Verfahren konzipiert    <\/button>\n  <\/h2>\n  <div id=\"collapse-accordion-3221231231-69f016e51b3fe\" class=\"accordion-collapse collapse\" aria-labelledby=\"heading-69f016e51b3fe\" data-bs-parent=\"#accordion-3221231231\">\n    <div class=\"accordion-body\">\n      \n\n<ul class=\"wp-block-list\"><li>Verfahren nach dem Europ\u00e4ischen Patent\u00fcbereinkommen sind in erster Linie als schriftliche Verfahren konzipiert. Demnach stelle Art. 116 EP\u00dc sicher, dass die Parteien auch die M\u00f6glichkeit einer m\u00fcndlichen Darstellung des Falles erhalten. Daher sei jedes Format der m\u00fcndlichen Verhandlung akzeptabel, das dieses Ziel angemessen erreichen l\u00e4sst. (4)<\/li><\/ul>\n\n    <\/div>\n  <\/div>\n<\/div>\n\n<div class=\"accordion-item\">\n  <h2 class=\"accordion-header mb-1\" id=\"heading-69f016e51bad7\">\n    <button class=\"accordion-button collapsed\" type=\"button\" data-bs-toggle=\"collapse\" data-bs-target=\"#collapse-accordion-3221231231-69f016e51bad7\" aria-expanded=\"false\" aria-controls=\"collapse-accordion-3221231231-69f016e51bad7\">\n      Rechtliche Aspekte \u2013 Zugang zu Recht und Justiz    <\/button>\n  <\/h2>\n  <div id=\"collapse-accordion-3221231231-69f016e51bad7\" class=\"accordion-collapse collapse\" aria-labelledby=\"heading-69f016e51bad7\" data-bs-parent=\"#accordion-3221231231\">\n    <div class=\"accordion-body\">\n      \n\n<ul class=\"wp-block-list\"><li>Die Rechtsprechung im Rahmen der Europ\u00e4ischen Menschenrechtskonvention sei ein lebendiges Instrument [&#8230;], das im Lichte der heutigen Bedingungen interpretiert werden muss.&nbsp;(4)<\/li><li>M\u00fcndliche Verhandlungen k\u00f6nnen nicht einfach auf unbestimmte Zeit verschoben werden. \u201eDas gebieten die Rechtssicherheitsinteressen von Verfahrensbeteiligten wie von Dritten&#8220; (5)<\/li><li>Es bestehe ein \u201eInteresse der Parteien, m\u00f6glicher Wettbewerber und der \u00d6ffentlichkeit, dass die Kl\u00e4rung der Schutzrechtslage nicht \u00fcber Geb\u00fchr verz\u00f6gert wird.\u201c (6)<\/li><li>Die Dauer der Verfahren k\u00f6nne in Grenzen gehalten werden. (3)<\/li><\/ul>\n\n    <\/div>\n  <\/div>\n<\/div>\n\n<div class=\"accordion-item\">\n  <h2 class=\"accordion-header mb-1\" id=\"heading-69f016e51c1cc\">\n    <button class=\"accordion-button collapsed\" type=\"button\" data-bs-toggle=\"collapse\" data-bs-target=\"#collapse-accordion-3221231231-69f016e51c1cc\" aria-expanded=\"false\" aria-controls=\"collapse-accordion-3221231231-69f016e51c1cc\">\n      Keine Infektionsgefahr    <\/button>\n  <\/h2>\n  <div id=\"collapse-accordion-3221231231-69f016e51c1cc\" class=\"accordion-collapse collapse\" aria-labelledby=\"heading-69f016e51c1cc\" data-bs-parent=\"#accordion-3221231231\">\n    <div class=\"accordion-body\">\n      \n\n<ul class=\"wp-block-list\"><li>Die Pandemie hat m\u00fcndliche Pr\u00e4senzverhandlungen erschwert. Aber durch Videokonferenzen konnten bereits viele F\u00e4lle ohne Infektionsrisiko abgeschlossen werden.<\/li><\/ul>\n\n    <\/div>\n  <\/div>\n<\/div>\n\n<div class=\"accordion-item\">\n  <h2 class=\"accordion-header mb-1\" id=\"heading-69f016e51c89d\">\n    <button class=\"accordion-button collapsed\" type=\"button\" data-bs-toggle=\"collapse\" data-bs-target=\"#collapse-accordion-3221231231-69f016e51c89d\" aria-expanded=\"false\" aria-controls=\"collapse-accordion-3221231231-69f016e51c89d\">\n      Zeit- und Reiseersparnisse    <\/button>\n  <\/h2>\n  <div id=\"collapse-accordion-3221231231-69f016e51c89d\" class=\"accordion-collapse collapse\" aria-labelledby=\"heading-69f016e51c89d\" data-bs-parent=\"#accordion-3221231231\">\n    <div class=\"accordion-body\">\n      \n\n<ul class=\"wp-block-list\"><li>Durch den Wegfall der Anreise zum Verhandlungsort werden Reisekosten und Zeit gespart.<\/li><li>Es sei \u201ef\u00fcr die \u00d6ffentlichkeit einfacher, Verhandlungen zu verfolgen\u201c. Das sei ein gro\u00dfer Vorteil. (3)<\/li><li>Der CO2- Fu\u00dfabdruck wird reduziert. (6)<\/li><\/ul>\n\n    <\/div>\n  <\/div>\n<\/div>\n\n<div class=\"accordion-item\">\n  <h2 class=\"accordion-header mb-1\" id=\"heading-69f016e51cf95\">\n    <button class=\"accordion-button collapsed\" type=\"button\" data-bs-toggle=\"collapse\" data-bs-target=\"#collapse-accordion-3221231231-69f016e51cf95\" aria-expanded=\"false\" aria-controls=\"collapse-accordion-3221231231-69f016e51cf95\">\n      Hohe Transparenz und Zug\u00e4nglichkeit    <\/button>\n  <\/h2>\n  <div id=\"collapse-accordion-3221231231-69f016e51cf95\" class=\"accordion-collapse collapse\" aria-labelledby=\"heading-69f016e51cf95\" data-bs-parent=\"#accordion-3221231231\">\n    <div class=\"accordion-body\">\n      \n\n<ul class=\"wp-block-list\"><li>Ein Videoverfahren verst\u00e4rke zudem jene \u201eTransparenz des Beschwerdekammersystems des EPA und tr\u00e4gt zu vertieftem Wissen \u00fcber das europ\u00e4ische Patentsystem und erh\u00f6hter Akzeptanz der Entscheidungen bei internationalen Anmeldern \u2013 und damit letztendlich auch zu verbesserter Qualit\u00e4t von neuen Patentanmeldungen\u201c \u2013 bei. (6)<\/li><li>Videokonferenzen w\u00fcrden die Zug\u00e4nglichkeit erheblich verbessern und bessere Ergebnisse liefern [&#8230;], schneller und zu geringeren Kosten f\u00fcr alle. (7, Richard Mair, CIPA-Pr\u00e4sident)<\/li><li>Es sinke \u201edie Schwelle f\u00fcr die Teilnahme von mehreren Vertretern oder Mitgliedern der Parteien an der Verhandlung [&#8230;], wodurch die Transparenz der Verfahren erh\u00f6ht werden kann und von den Einspruchsabteilungen getroffene Entscheidungen durch die Parteien besser eingeordnet werden k\u00f6nnen.\u201c (3)<\/li><\/ul>\n\n    <\/div>\n  <\/div>\n<\/div>\n<\/div>\n\n\n<p> <\/p>\n\n\n\n<p> <\/p>\n\n\n<div class=\"text-center shadow p-3 w-75 mx-auto mt-4 mb-4\" style=\"max-width: 600px\">\n  <p class=\"mb-2 fw-bold fs-2\">\n    Zusammenfassung  <\/p>\n  <div class=\"fw-normal\">\n    <p>Viele Punkte sind gar nicht einmal auf die durch die Pandemie verursachte Krisensituation zur\u00fcckzuf\u00fchren. Nein, gerade die Zeit-, CO2- und Kostenersparnis sowie die technischen M\u00f6glichkeiten und die vereinfachte Teilnahme stechen hervor.<\/p>\n  <\/div>\n<\/div>\n\n\n<h3 class=\"has-text-align-center wp-block-heading\">Contra<\/h3>\n\n\n<div class=\"accordion mt-4 mb-4\" id=\"accordion-62326778223\">\n  \n<div class=\"accordion-item\">\n  <h2 class=\"accordion-header mb-1\" id=\"heading-69f016e51e8c3\">\n    <button class=\"accordion-button collapsed\" type=\"button\" data-bs-toggle=\"collapse\" data-bs-target=\"#collapse-accordion-62326778223-69f016e51e8c3\" aria-expanded=\"false\" aria-controls=\"collapse-accordion-62326778223-69f016e51e8c3\">\n      Versto\u00df gegen das Konzept der m\u00fcndlichen Verhandlung    <\/button>\n  <\/h2>\n  <div id=\"collapse-accordion-62326778223-69f016e51e8c3\" class=\"accordion-collapse collapse\" aria-labelledby=\"heading-69f016e51e8c3\" data-bs-parent=\"#accordion-62326778223\">\n    <div class=\"accordion-body\">\n      \n\n<ul class=\"wp-block-list\"><li>Das Format einer Videokonferenz sei mit dem in Artikel 116&nbsp;Abs. 1 EP\u00dc vorgesehenen Konzept der m\u00fcndlichen Verhandlung nicht vereinbar. (4)<\/li><li>In Art. 116 EP\u00dc sei ausdr\u00fccklich von einer m\u00fcndlichen Verhandlung die Rede. \u201eDie M\u00f6glichkeit der Durchf\u00fchrung per Videokonferenz ist im Gesetz selbst nicht vorgesehen\u201c (8)<\/li><li>Der Terminus m\u00fcndliche Verhandlung vor der jeweiligen Abteilung&nbsp;in Art. 116 EP\u00dc beziehe sich auch auf den Ort, an dem die m\u00fcndliche Verhandlung abgehalten&nbsp;werden muss. (8)<\/li><li>\u201eEine derart extensive Auslegung der Terminologie \u00abm\u00fcndliche Verhandlung\u00bb\u201c entspreche \u201eweder dem Sinn und Zweck des Gesetzes oder der bew\u00e4hrten Rechtspraxis noch kann diese durch die gegenw\u00e4rtige Pandemie legitimiert werden.&#8220; (8)<\/li><\/ul>\n\n    <\/div>\n  <\/div>\n<\/div>\n\n<div class=\"accordion-item\">\n  <h2 class=\"accordion-header mb-1\" id=\"heading-69f016e51efd8\">\n    <button class=\"accordion-button collapsed\" type=\"button\" data-bs-toggle=\"collapse\" data-bs-target=\"#collapse-accordion-62326778223-69f016e51efd8\" aria-expanded=\"false\" aria-controls=\"collapse-accordion-62326778223-69f016e51efd8\">\n      Versto\u00df gegen das Kollegialsystem    <\/button>\n  <\/h2>\n  <div id=\"collapse-accordion-62326778223-69f016e51efd8\" class=\"accordion-collapse collapse\" aria-labelledby=\"heading-69f016e51efd8\" data-bs-parent=\"#accordion-62326778223\">\n    <div class=\"accordion-body\">\n      \n\n<ul class=\"wp-block-list\"><li>Videokonferenzen k\u00f6nnten gegen das in Art. 21 EP\u00dc verankerte Kollegialsystem versto\u00dfen. \u201eDie Erfahrung mit VICOs in erster Instanz zeigt, dass die Verhandlung sich h\u00e4ufig auf eine Diskussion mit dem Berichterstatter beschr\u00e4nkt, der sich am eingehendsten mit der Sache befasst hat.\u201c (9) Zweitinstanzlich sollten jedoch alle Mitglieder die gleiche Verantwortung f\u00fcr die zu treffende Entscheidung tragen \u2013 was eine Auseinandersetzung im Dialog miteinander und den Beteiligten voraussetze. (6)<\/li><\/ul>\n\n    <\/div>\n  <\/div>\n<\/div>\n\n<div class=\"accordion-item\">\n  <h2 class=\"accordion-header mb-1\" id=\"heading-69f016e51f6be\">\n    <button class=\"accordion-button collapsed\" type=\"button\" data-bs-toggle=\"collapse\" data-bs-target=\"#collapse-accordion-62326778223-69f016e51f6be\" aria-expanded=\"false\" aria-controls=\"collapse-accordion-62326778223-69f016e51f6be\">\n      Keine rechtliche Grundlage f\u00fcr die Verpflichtung zu Videokonferenzen    <\/button>\n  <\/h2>\n  <div id=\"collapse-accordion-62326778223-69f016e51f6be\" class=\"accordion-collapse collapse\" aria-labelledby=\"heading-69f016e51f6be\" data-bs-parent=\"#accordion-62326778223\">\n    <div class=\"accordion-body\">\n      \n\n<ul class=\"wp-block-list\"><li>Pr\u00e4senzverhandlungen sind eine langj\u00e4hrige Praxis.<\/li><li>Der Beschluss des EPA-Pr\u00e4sidenten k\u00f6nne \u201eunter Umst\u00e4nden zu einer Verletzung des rechtlichen Geh\u00f6rs im Sinne von Art. 113 EP\u00dc bzw. Art. 6 Ziff. 1 EMRK&#8220; f\u00fchren, wenn die m\u00fcndliche Verhandlung gegen den Willen des Patentanmelders per Videokonferenz durchgef\u00fchrt werde. (8)<\/li><\/ul>\n\n    <\/div>\n  <\/div>\n<\/div>\n\n<div class=\"accordion-item\">\n  <h2 class=\"accordion-header mb-1\" id=\"heading-69f016e51fd8e\">\n    <button class=\"accordion-button collapsed\" type=\"button\" data-bs-toggle=\"collapse\" data-bs-target=\"#collapse-accordion-62326778223-69f016e51fd8e\" aria-expanded=\"false\" aria-controls=\"collapse-accordion-62326778223-69f016e51fd8e\">\n      Technische Probleme    <\/button>\n  <\/h2>\n  <div id=\"collapse-accordion-62326778223-69f016e51fd8e\" class=\"accordion-collapse collapse\" aria-labelledby=\"heading-69f016e51fd8e\" data-bs-parent=\"#accordion-62326778223\">\n    <div class=\"accordion-body\">\n      \n\n<ul class=\"wp-block-list\"><li>Eine instabile\/unterbrochene Internetverbindung oder fehlende Datensicherheit k\u00f6nnten zum Problem werden. Technische Probleme k\u00f6nnten aber zu einer Waffenungleichheit f\u00fchren. (8)<\/li><li>Durch den gerichteten Blick der Kamera k\u00f6nne es in manchen Situationen dazu kommen, den Sprecher schwerer zuzuordnen oder Interaktionen der Mitglieder der Einspruchsabteilung zu verfolgen. (3)<\/li><li>Es gebe zeitliche Verz\u00f6gerungen in der Simultan\u00fcbersetzung. (10)<\/li><\/ul>\n\n    <\/div>\n  <\/div>\n<\/div>\n\n<div class=\"accordion-item\">\n  <h2 class=\"accordion-header mb-1\" id=\"heading-69f016e520467\">\n    <button class=\"accordion-button collapsed\" type=\"button\" data-bs-toggle=\"collapse\" data-bs-target=\"#collapse-accordion-62326778223-69f016e520467\" aria-expanded=\"false\" aria-controls=\"collapse-accordion-62326778223-69f016e520467\">\n      Alternative Mittel zur Senkung der Infektionsgefahr    <\/button>\n  <\/h2>\n  <div id=\"collapse-accordion-62326778223-69f016e520467\" class=\"accordion-collapse collapse\" aria-labelledby=\"heading-69f016e520467\" data-bs-parent=\"#accordion-62326778223\">\n    <div class=\"accordion-body\">\n      \n\n<ul class=\"wp-block-list\"><li>Man m\u00fcsse keine Videokonferenzen abhalten. Es st\u00fcnden gen\u00fcgend alternative Ma\u00dfnahmen zur Reduzierung der Ansteckungsgefahr zur Verf\u00fcgung. (8)<\/li><\/ul>\n\n    <\/div>\n  <\/div>\n<\/div>\n\n<div class=\"accordion-item\">\n  <h2 class=\"accordion-header mb-1\" id=\"heading-69f016e520b2b\">\n    <button class=\"accordion-button collapsed\" type=\"button\" data-bs-toggle=\"collapse\" data-bs-target=\"#collapse-accordion-62326778223-69f016e520b2b\" aria-expanded=\"false\" aria-controls=\"collapse-accordion-62326778223-69f016e520b2b\">\n      Strategische Aspekte    <\/button>\n  <\/h2>\n  <div id=\"collapse-accordion-62326778223-69f016e520b2b\" class=\"accordion-collapse collapse\" aria-labelledby=\"heading-69f016e520b2b\" data-bs-parent=\"#accordion-62326778223\">\n    <div class=\"accordion-body\">\n      \n\n<ul class=\"wp-block-list\"><li>Es bestehe das Risiko, dass der Fall aufgrund von Kommunikationsbarrieren nicht ad\u00e4quat behandelt wird. (10)<\/li><li>Die Relevanz einer m\u00fcndlichen Verhandlung werde im Fall von Videokonferenzen geringer. Dadurch werde das gesamte Verfahren in ein eher \u201eschriftliches Verfahren\u201c umgewandelt. (10)<\/li><\/ul>\n\n    <\/div>\n  <\/div>\n<\/div>\n\n<div class=\"accordion-item\">\n  <h2 class=\"accordion-header mb-1\" id=\"heading-69f016e521202\">\n    <button class=\"accordion-button collapsed\" type=\"button\" data-bs-toggle=\"collapse\" data-bs-target=\"#collapse-accordion-62326778223-69f016e521202\" aria-expanded=\"false\" aria-controls=\"collapse-accordion-62326778223-69f016e521202\">\n      Psychologische Aspekte    <\/button>\n  <\/h2>\n  <div id=\"collapse-accordion-62326778223-69f016e521202\" class=\"accordion-collapse collapse\" aria-labelledby=\"heading-69f016e521202\" data-bs-parent=\"#accordion-62326778223\">\n    <div class=\"accordion-body\">\n      \n\n<ul class=\"wp-block-list\"><li>Auch psychologische Aspekte wie nicht sichtbare Gesten oder Mimik k\u00f6nnen Einfluss auf das Ergebnis der Verhandlung haben.<\/li><li>Die Aufmerksamkeitsspanne und das Aufnahmeverm\u00f6gen k\u00f6nnten geringer ausfallen. (11)<\/li><li>Durch das zwischengeschaltete Medium komme es zu einer Distanzierung. Dadurch sei zu bef\u00fcrchten, dass sich die Einspruchsabteilung nicht mehr so offen gegen\u00fcber den Argumenten der Beteiligten verh\u00e4lt und somit lieber auf Ihrer vorl\u00e4ufigen schriftlichen Meinung beharrt. (3)<\/li><li>Die Atmosph\u00e4re oder Nuancen der Argumentation k\u00f6nnen verloren gehen. Durch den fehlenden direkten Blickkontakt kann das Gegen\u00fcber schlechter eingesch\u00e4tzt werden, was zu anderen Verfahrensverl\u00e4ufen f\u00fchren kann.<\/li><li>Eine bereits bestehende vorl\u00e4ufige Meinung der Einspruchsabteilung k\u00f6nnte in Videokonferenzen schwerer zu drehen sein. (11)<\/li><li>Durch die Distanzierung k\u00f6nne es dazu kommen, dass Gespr\u00e4chsregeln nicht eingehalten werden. (3)<\/li><li>Ein Richter k\u00f6nnte sich in einem Gerichtssaal f\u00fcr seine Entscheidung verantwortlicher f\u00fchlen. (6).<\/li><\/ul>\n\n    <\/div>\n  <\/div>\n<\/div>\n<\/div>\n\n\n<p> <\/p>\n\n\n\n<p> <\/p>\n\n\n<div class=\"text-center shadow p-3 w-75 mx-auto mt-4 mb-4\" style=\"max-width: 600px\">\n  <p class=\"mb-2 fw-bold fs-2\">\n    Zusammenfassung  <\/p>\n  <div class=\"fw-normal\">\n    <p>Am wichtigsten wiegen wohl die psychologischen Aspekte. Eine m\u00fcndliche Verhandlung steht am Ende eines langen Verfahrens und ist das finale Element vor der Entscheidung. Es besteht die Bef\u00fcrchtung, dass eine durch technische Einschr\u00e4nkungen bedingte schw\u00e4chere Pr\u00e4sentation der Fakten und Argumente die Entscheidung ungl\u00fccklich beeinflussen k\u00f6nnte. Eine Videokonferenz wird gegen\u00fcber einer Verhandlung mit physischer Pr\u00e4senz nicht als gleichwertig empfunden.<\/p>\n  <\/div>\n<\/div>\n\n\n<h3 class=\"has-text-align-center wp-block-heading\">Meinungen dazwischen<\/h3>\n\n\n<div class=\"accordion mt-4 mb-4\" id=\"accordion-56686723476734\">\n  \n<div class=\"accordion-item\">\n  <h2 class=\"accordion-header mb-1\" id=\"heading-69f016e5229c8\">\n    <button class=\"accordion-button collapsed\" type=\"button\" data-bs-toggle=\"collapse\" data-bs-target=\"#collapse-accordion-56686723476734-69f016e5229c8\" aria-expanded=\"false\" aria-controls=\"collapse-accordion-56686723476734-69f016e5229c8\">\n      \u201cDon\u2019t worry. Be hybrid\u201d (Fiat)    <\/button>\n  <\/h2>\n  <div id=\"collapse-accordion-56686723476734-69f016e5229c8\" class=\"accordion-collapse collapse\" aria-labelledby=\"heading-69f016e5229c8\" data-bs-parent=\"#accordion-56686723476734\">\n    <div class=\"accordion-body\">\n      \n\n<ul class=\"wp-block-list\"><li>F\u00fcr viele sind auch \u201ehybride Verhandlungen\u201c denkbar, in denen unterschiedliche Teile des Prozesses in unterschiedlichen Formaten abgehalten werden k\u00f6nnen.<\/li><\/ul>\n\n    <\/div>\n  <\/div>\n<\/div>\n\n<div class=\"accordion-item\">\n  <h2 class=\"accordion-header mb-1\" id=\"heading-69f016e5230a2\">\n    <button class=\"accordion-button collapsed\" type=\"button\" data-bs-toggle=\"collapse\" data-bs-target=\"#collapse-accordion-56686723476734-69f016e5230a2\" aria-expanded=\"false\" aria-controls=\"collapse-accordion-56686723476734-69f016e5230a2\">\n      Unterschiedliche Erfahrungen    <\/button>\n  <\/h2>\n  <div id=\"collapse-accordion-56686723476734-69f016e5230a2\" class=\"accordion-collapse collapse\" aria-labelledby=\"heading-69f016e5230a2\" data-bs-parent=\"#accordion-56686723476734\">\n    <div class=\"accordion-body\">\n      \n\n<ul class=\"wp-block-list\"><li>Vor allem die technischen Erfahrungen der Teilnehmer mit Videokonferenzen variieren stark. Viele wollen deswegen nicht zu Videokonferenzen gezwungen werden.<\/li><li>Aber vielerorts hei\u00dft es eben auch:&nbsp;<em>Wenn alle beteiligten Parteien damit einverstanden sind, ein Verfahren per Videokonferenz abzuhalten, ist das f\u00fcr mich in Ordnung<\/em>&nbsp;(10)<\/li><\/ul>\n\n    <\/div>\n  <\/div>\n<\/div>\n<\/div>\n\n\n<p> <\/p>\n\n\n<div class=\"text-center shadow p-3 w-75 mx-auto mt-4 mb-4\" style=\"max-width: 600px\">\n  <p class=\"mb-2 fw-bold fs-2\">\n    Weitere Meinungen  <\/p>\n  <div class=\"fw-normal\">\n    <p>Sonstige Punkte finden Sie z.B. in der\u00a0<a href=\"http:\/\/www.eplit.eu\/wp-content\/uploads\/2020\/11\/EPLIT-Survey-on-Oral-Proceedings-by-videoconference-20201123.pdf\" target=\"_blank\" rel=\"noreferrer noopener\">EPLIT-Umfrage<\/a>\u00a0zur m\u00fcndlichen Verhandlung per Videokonferenz (10) oder im\u00a0<a href=\"http:\/\/patentblog.kluweriplaw.com\/2020\/12\/02\/response-to-epo-consultation-dont-impose-oral-proceedings-by-videoconference\/\" target=\"_blank\" rel=\"noreferrer noopener\">Blog von Wolters Kluwer (7)<\/a>.<\/p>\n  <\/div>\n<\/div>\n\n\n<p> <\/p>\n\n\n\n<p> <\/p>\n\n\n\n<p> <\/p>\n\n\n\n<p>Bilden Sie sich einfach Ihre eigene Meinung!<\/p>\n\n\n\n<div class=\"wp-block-image mt-4 mb-4\"><figure class=\"aligncenter size-full\"><img loading=\"lazy\" decoding=\"async\" width=\"1000\" height=\"700\" src=\"https:\/\/www.maiwald.eu\/wp-content\/uploads\/videokonferenz-zum-einschlafen.png\" alt=\"\" class=\"wp-image-9033\" srcset=\"https:\/\/www.maiwald.eu\/wp-content\/uploads\/videokonferenz-zum-einschlafen.png 1000w, https:\/\/www.maiwald.eu\/wp-content\/uploads\/videokonferenz-zum-einschlafen-300x210.png 300w, https:\/\/www.maiwald.eu\/wp-content\/uploads\/videokonferenz-zum-einschlafen-768x538.png 768w\" sizes=\"auto, (max-width: 1000px) 100vw, 1000px\" \/><\/figure><\/div>\n\n\n\n<h4 class=\"wp-block-heading\">Psychologische Gesichtspunkte bei Videokonferenzen \u2013 Bitte nicht einschlafen! \ud83d\ude09<\/h4>\n\n\n\n<p>Wie unser Zitat am Anfang unseres Artikels bereits zeigt, ist der psychologische Faktor bei Videokonferenzen nicht zu untersch\u00e4tzen. Was geht bei einer Videokonferenz verloren? \u00c4ndert sich das Verhalten eines Zuschauers oder Sprechers im Vergleich zu einer Pr\u00e4senz-Veranstaltung? Und besteht die Gefahr des fr\u00fchzeitigen Erm\u00fcdens bei Videokonferenzen? Interessante Experteninterviews &amp; -artikel zu diesem Thema finden Sie unter folgenden Links:<\/p>\n\n\n\n<p><a href=\"https:\/\/www.zeit.de\/2020\/23\/videotelefonie-kommunikation-beziehungen-kontakt-psychologie\" target=\"_blank\" rel=\"noreferrer noopener\">Interview mit Christian Korunka und Katrin Schoenenberg<\/a>&nbsp;(Zeit.de)<\/p>\n\n\n\n<p><a href=\"https:\/\/www.welt.de\/kmpkt\/article207918607\/Homeoffice-Zoom-Fatigue-oder-warum-Videoanrufe-die-Psyche-belasten.html\" target=\"_blank\" rel=\"noreferrer noopener\">Interview mit Johanna Sch\u00e4wel und Alexander Raake<\/a>&nbsp;(Welt.de)<\/p>\n\n\n\n<p><a href=\"https:\/\/www.coaching-magazin.de\/beruf-coach\/grenzen-der-online-kommunikation\" target=\"_blank\" rel=\"noreferrer noopener\">Artikel \u00fcber Grenzen der Online-Kommunikation<\/a>&nbsp;(Sebastian Kunert)<\/p>\n\n\n<div class=\"text-center shadow p-3 w-75 mx-auto mt-4 mb-4\" style=\"max-width: 600px\">\n  <p class=\"mb-2 fw-bold fs-2\">\n    Zusammenfassung  <\/p>\n  <div class=\"fw-normal\">\n    <p>Die Beteiligten sollten sich dessen bewusst sein: Die Kommunikation mittels Videokonferenz erfordert andere Kommunikationsformen. Es ist nicht auszuschlie\u00dfen, dass unsere Gesellschaft Kommunikationsmechanismen entwickeln wird, die eine gleichwertige Konversation \u00fcber Video erm\u00f6glichen werden. Das wird jedoch erst die Zeit zeigen, derzeit ist dies noch nicht der Fall. Die Technik steht hier sicher erst noch am Anfang, genau wie die Menschen, die sie bedienen \u2013 auch wenn die Pandemie viele Entwicklungen beschleunigt hat.<\/p>\n<p>M\u00fcndliche Verhandlungen in Patentstreitigkeiten vor dem EPA k\u00f6nnen \u00e4u\u00dferst komplex sein \u2013 nicht nur technisch und rechtlich, sondern auch sprachlich. Die Kommunikation weiter zu erschweren und zu verkomplizieren, scheint vor diesem Hintergrund recht gewagt. Ansonsten enden wir u.U. wie Bill Murray nicht nur \u201elost in translation\u201c sondern auch \u201ein lost communication\u201c. Bei aller gewonnenen Transparenz und CO2- Ersparnis w\u00fcrde das dem Patentsystem nicht guttun.<\/p>\n  <\/div>\n<\/div>\n\n\n<p> <\/p>\n\n\n\n<p> <\/p>\n\n\n\n<div class=\"wp-block-image mt-4 mb-4\"><figure class=\"aligncenter size-full\"><img loading=\"lazy\" decoding=\"async\" width=\"1000\" height=\"621\" src=\"https:\/\/www.maiwald.eu\/wp-content\/uploads\/gesetzesaenderung-epue-konform.png\" alt=\"\" class=\"wp-image-9036\" srcset=\"https:\/\/www.maiwald.eu\/wp-content\/uploads\/gesetzesaenderung-epue-konform.png 1000w, https:\/\/www.maiwald.eu\/wp-content\/uploads\/gesetzesaenderung-epue-konform-300x186.png 300w, https:\/\/www.maiwald.eu\/wp-content\/uploads\/gesetzesaenderung-epue-konform-768x477.png 768w\" sizes=\"auto, (max-width: 1000px) 100vw, 1000px\" \/><\/figure><\/div>\n\n\n\n<h4 class=\"wp-block-heading\">Ist die geplante Gesetzes\u00e4nderung EP\u00dc-konform?<\/h4>\n\n\n\n<p>Hier gehen die Meinungen auseinander. Artikel 116 EP\u00dc stellt im Europ\u00e4ischen Patent\u00fcbereinkommen die Grundlage f\u00fcr das Recht auf eine m\u00fcndliche Verhandlung dar.<\/p>\n\n\n\n<p>Zwei Entscheidungen. Zwei Meinungen.<\/p>\n\n\n\n<p>Die bereits zitierte Beschwerdekammer kommt in T1807\/15 zu folgendem Schluss:<\/p>\n\n\n\n<p><em>Nach Ansicht der Kammer bedeutet die Tatsache, dass das EP\u00dc das Format von m\u00fcndlichen Verhandlungen nicht ausdr\u00fccklich definiert hat, nicht notwendigerweise, dass der Begriff &#8218;m\u00fcndliche Verhandlung&#8216; in Artikel 116 EP\u00dc so weit ausgelegt werden sollte, dass er auch Videokonferenzen umfasst.<\/em><\/p>\n\n\n\n<p>Zur genau gegenteiligen Meinung kommt eine andere Beschwerdekammer in T2320\/16:<\/p>\n\n\n\n<p><em>Wie oben ausgef\u00fchrt, ist die Kammer der Ansicht, dass eine m\u00fcndliche Verhandlung per Videokonferenz sowohl mit der w\u00f6rtlichen Auslegung als auch mit der gesetzgeberischen Zielvorstellung, die Artikel 116 EP\u00dc 1973 und 2000 zugrunde liegt, vereinbar ist.<\/em><\/p>\n\n\n\n<p>Die Gro\u00dfe Beschwerdekammer wird sich genau damit befassen m\u00fcssen.<\/p>\n\n\n\n<p>Das Recht auf eine m\u00fcndliche Verhandlung nach Art. 116(1) EP\u00dc ist ein grundlegendes Verfahrensrecht der Parteien. Aber nicht nur das EP\u00dc selbst, sondern auch die Europ\u00e4ischen Konvention zum Schutz der Menschenrechte und Grundfreiheiten (EMRK), deren Vertragsstaaten sogar \u00fcber das Territorium des EP\u00dc hinausreichen, sichert mit dem Gebot des fairen Verfahrens in Art. 6 Abs. 1 dieses Verfahrensrecht ab. Eine \u00c4nderung, wie sie mit Artikel 15a der Beschwerdekammerverordnung vorgesehen ist, sollte, sofern diese \u00fcberhaupt m\u00f6glich ist, einer diplomatischen Konferenz vorbehalten sein.<\/p>\n\n\n\n<p>Der Pr\u00e4sident der Beschwerdekammern hat hierzu seine Meinung schon ge\u00e4u\u00dfert, denn der Vorschlag zur \u00c4nderung der Verfahrensordnung der Beschwerdekammern stammt von ihm. Ob er nun unbefangen als Vorsitzender der Gro\u00dfen Beschwerdekammer \u00fcber diese Frage entscheiden kann, bleibt abzuwarten. Der Verwaltungsrat hat die \u00c4nderung gerade beschlossen. In der Mitteilung vom 24. M\u00e4rz 2021 informiert der Pr\u00e4sident des Amtes: Trotz Anh\u00e4ngigkeit vor der Gro\u00dfen Beschwerdekammer werden die Verfahren vor dem Amt weiter in Form von Videokonferenzen, auch gegen den Willen der Parteien und gegen die \u00fcbliche Praxis das Verfahren auszusetzen, durchgef\u00fchrt. Die Verhandlung in der Sache vor der Gro\u00dfen Beschwerdekammer findet am 28. Mai 2021 in Form einer Videokonferenz statt. Es dr\u00e4ngt sich ein wenig der Eindruck auf, die Entscheidung sei schon gefallen.<\/p>\n\n\n\n<p>In der Sache kann man hier sicher unterschiedlicher Meinung sein. Au\u00dfergew\u00f6hnliche Situationen erfordern au\u00dfergew\u00f6hnliche Ma\u00dfnahmen. Und es bestreitet keiner, dass Videokonferenzen eine Bereicherung sind, zur Effizienz des Justizsystems beitragen sowie momentan den Stillstand in der Rechtspflege mildern. Ein Zwang zur Videokonferenz \u00fcber die Pandemie hinaus scheint aber derzeit durch nichts gerechtfertigt. Dennoch ist nicht auszuschlie\u00dfen, dass die Pandemie das Geschehen jetzt weit \u00fcber ihre Zeit hinaus unumkehrbar diktiert. Zurzeit wird die dauerhafte Neustrukturierung der m\u00fcndlichen Verhandlung angedacht. Sollte man nicht die pandemiebedingten Ma\u00dfnahmen davon trennen?<\/p>\n\n\n\n<p>Wie denken Sie dar\u00fcber? Wir freuen uns \u00fcber Ihre Meinung bei&nbsp;<a href=\"https:\/\/www.linkedin.com\/feed\/update\/urn:li:activity:6793045571688005632\" target=\"_blank\" rel=\"noreferrer noopener\">LinkedIn<\/a>.<\/p>\n\n\n\n<div class=\"wp-block-image mt-4 mb-4\"><figure class=\"aligncenter size-full\"><img loading=\"lazy\" decoding=\"async\" width=\"1000\" height=\"675\" src=\"https:\/\/www.maiwald.eu\/wp-content\/uploads\/videokonferenz-patentamt-gesetzesaenderung.png\" alt=\"\" class=\"wp-image-9039\" srcset=\"https:\/\/www.maiwald.eu\/wp-content\/uploads\/videokonferenz-patentamt-gesetzesaenderung.png 1000w, https:\/\/www.maiwald.eu\/wp-content\/uploads\/videokonferenz-patentamt-gesetzesaenderung-300x203.png 300w, https:\/\/www.maiwald.eu\/wp-content\/uploads\/videokonferenz-patentamt-gesetzesaenderung-768x518.png 768w\" sizes=\"auto, (max-width: 1000px) 100vw, 1000px\" \/><\/figure><\/div>\n\n\n\n<h4 class=\"wp-block-heading\">Quellen:<\/h4>\n\n\n\n<p>1. Grenzen der Online-Kommunikation, Sebastian Kunert,&nbsp;<a href=\"https:\/\/www.coaching-magazin.de\/beruf-coach\/grenzen-der-online-kommunikation\" target=\"_blank\" rel=\"noreferrer noopener\">https:\/\/www.coaching-magazin.de\/beruf-coach\/grenzen-der-online-kommunikation<\/a>, 2020, abgerufen am 12.04.21<\/p>\n\n\n\n<p>2. Opposition oral proceedings by videoconference in the context of COVID-19, Europ\u00e4isches Patentamt,&nbsp;<a href=\"http:\/\/documents.epo.org\/projects\/babylon\/eponet.nsf\/0\/BF708885F3F0AA38C125861C0055BC88\/$File\/opposition_oral_proceedings_by_videoconference_in_the_context_of_covid-19_-_progress_report_en.pdf\" target=\"_blank\" rel=\"noreferrer noopener\">http:\/\/documents.epo.org\/projects\/babylon\/eponet.nsf\/0\/BF708885F3F0AA38C125861C0055BC88\/ $File\/opposition_oral_proceedings_by_videoconference_in_the_context_of_covid-19_-_progress_report_en.pdf<\/a>, November 2020, abgerufen am 07.04.21<\/p>\n\n\n\n<p>3. Business as usual \u2013 jedenfalls fast, Philipp Nordmeyer,&nbsp;<a href=\"https:\/\/www.deutscheranwaltspiegel.de\/intellectualproperty\/covid-19\/business-as-usual-jedenfalls-fast-21962\/\" target=\"_blank\" rel=\"noreferrer noopener\">https:\/\/www.deutscheranwaltspiegel.de\/intellectualproperty\/covid-19\/business-as-usual-jedenfalls-fast-21962\/<\/a>, 20.11.20, abgerufen am 25.03.21<\/p>\n\n\n\n<p>4. T 1807\/15 (Oral proceedings in the form of a videoconference) of 12.3.2021, European Patent Office,&nbsp;<a href=\"https:\/\/www.epo.org\/law-practice\/case-law-appeals\/recent\/t151807eu1.html\" target=\"_blank\" rel=\"noreferrer noopener\">https:\/\/www.epo.org\/law-practice\/case-law-appeals\/recent\/t151807eu1.html<\/a>, 12.03.21, abgerufen am 25.03.21<\/p>\n\n\n\n<p>5. User consultation on an amendment to the Rules of Procedure of the Boards of Appeal (RPBA 2020) \u2013 insertion of new Article 15a (oral proceedings by videoconference), Hansj\u00f6rg Kley,&nbsp;<a href=\"https:\/\/www.kley.ch\/hansjoerg\/patrecht\/br_epa_2020Z11EP_2020-11-23.pdf\" target=\"_blank\" rel=\"noreferrer noopener\">https:\/\/www.kley.ch\/hansjoerg\/patrecht\/br_epa_2020Z11EP_2020-11-23.pdf<\/a>, 23.11.20, abgerufen am 25.03.21<\/p>\n\n\n\n<p>6. Nutzerbefragung zur \u00c4nderung der Verfahrensordnung der Beschwerdekammern durch Einf\u00fcgung eines neuen Artikel 15a, \u201eJohannes Lang, Tobias Kaufmann\u201c,&nbsp;<a href=\"https:\/\/www.bardehle.com\/de\/ip-news-wissen\/kanzlei-news\/news-detail\/nutzerbefragung-zur-aenderung-der-verfahrensordnung-der-beschwerdekammern-durch-einfuegung-eines-neuen-artikel-15a-muendliche-verhandlung-als-videokonferenz\" target=\"_blank\" rel=\"noreferrer noopener\">https:\/\/www.bardehle.com\/de\/ip-news-wissen\/kanzlei-news\/news-detail\/nutzerbefragung-zur-aenderung-der-verfahrensordnung-der-beschwerdekammern-durch-einfuegung-eines-neuen-artikel-15a-muendliche-verhandlung-als-videokonferenz<\/a>, 01.12.20, abgerufen am 25.03.21<\/p>\n\n\n\n<p>7. Response to EPO consultation: Don\u2019t impose oral proceedings by videoconference, Kluwer Patent blogger,&nbsp;<a href=\"http:\/\/patentblog.kluweriplaw.com\/2020\/12\/02\/response-to-epo-consultation-dont-impose-oral-proceedings-by-videoconference\/\" target=\"_blank\" rel=\"noreferrer noopener\">http:\/\/patentblog.kluweriplaw.com\/2020\/12\/02\/response-to-epo-consultation-dont-impose-oral-proceedings-by-videoconference\/<\/a>, 02.12.20, abgerufen am 25.03.21<\/p>\n\n\n\n<p>8. Von Pandemien und m\u00fcndlichen Verhandlungen per Videokonferenz, Claudia Erbsmehl,&nbsp;<a href=\"https:\/\/www.thomannfischer.ch\/de\/ueber-uns\/aktuell.html\" target=\"_blank\" rel=\"noreferrer noopener\">https:\/\/www.thomannfischer.ch\/de\/ueber-uns\/aktuell.html<\/a>, 21.12.20, abgerufen am 25.03.21<\/p>\n\n\n\n<p>9. Stellungnahme zu m\u00fcndlichen Verhandlungen per Videokonferenz im EPA, Patentanwaltskammer,&nbsp;<a href=\"https:\/\/www.patentanwalt.de\/files\/pak\/pdf\/kammer\/stellungnahmen\/4_2020_Stellungnahme_1.pdf\" target=\"_blank\" rel=\"noreferrer noopener\">https:\/\/www.patentanwalt.de\/files\/pak\/pdf\/kammer\/stellungnahmen\/4_2020_Stellungnahme_1.pdf<\/a>, 15.07.2020, abgerufen am 07.04.21<\/p>\n\n\n\n<p>10. Survey on Oral Proceedings by videoconference, EPLIT,&nbsp;<a href=\"http:\/\/www.eplit.eu\/wp-content\/uploads\/2020\/11\/EPLIT-Survey-on-Oral-Proceedings-by-videoconference-20201123.pdf\" target=\"_blank\" rel=\"noreferrer noopener\">http:\/\/www.eplit.eu\/wp-content\/uploads\/2020\/11\/EPLIT-Survey-on-Oral-Proceedings-by-videoconference-20201123.pdf<\/a>, 20.12.20, abgerufen am 25.03.21<\/p>\n\n\n\n<p>11. EPA-Beschluss zu m\u00fcndlichen Verhandlungen per Videokonferenz, \u201eDr. Arwed Burrichter, Mathias Karlhuber, Dr. Natalie Kirchhofer\u201c,&nbsp;<a href=\"https:\/\/www.cohausz-florack.de\/blog\/artikel\/epa-beschluss-zu-muendlichen-verhandlungen-per-videokonferenz\" target=\"_blank\" rel=\"noreferrer noopener\">https:\/\/www.cohausz-florack.de\/blog\/artikel\/epa-beschluss-zu-muendlichen-verhandlungen-per-videokonferenz\/<\/a>, 12.11.20, abgerufen am 25.03.21<\/p>\n","protected":false},"template":"","meta":{"_acf_changed":false,"footnotes":""},"class_list":["post-8958","publikationen","type-publikationen","status-publish","hentry"],"acf":[],"_links":{"self":[{"href":"https:\/\/www.maiwald.eu\/de\/wp-json\/wp\/v2\/publikationen\/8958","targetHints":{"allow":["GET"]}}],"collection":[{"href":"https:\/\/www.maiwald.eu\/de\/wp-json\/wp\/v2\/publikationen"}],"about":[{"href":"https:\/\/www.maiwald.eu\/de\/wp-json\/wp\/v2\/types\/publikationen"}],"version-history":[{"count":1,"href":"https:\/\/www.maiwald.eu\/de\/wp-json\/wp\/v2\/publikationen\/8958\/revisions"}],"predecessor-version":[{"id":10677,"href":"https:\/\/www.maiwald.eu\/de\/wp-json\/wp\/v2\/publikationen\/8958\/revisions\/10677"}],"wp:attachment":[{"href":"https:\/\/www.maiwald.eu\/de\/wp-json\/wp\/v2\/media?parent=8958"}],"curies":[{"name":"wp","href":"https:\/\/api.w.org\/{rel}","templated":true}]}}